{"version":"1.0","provider_name":"EXCLUSIVE GROUP","provider_url":"https:\/\/exclusivegroup.cafeblog.hu","author_name":"Exclusive Group","author_url":"https:\/\/exclusivegroup.cafeblog.hu\/author\/exclusive_group\/","title":"Vidra effektus","html":"<h3>Mi\u00e9rt nem lesz sikeres egy-egy rekl\u00e1mkamp\u00e1ny? Ezt fogjuk ma kielemezni, hogy ennek milyen okai lehetnek. Term\u00e9szetesen azokon az okokon t\u00fal, amir\u0151l nem a marketinges vagy a kivitelez\u0151 tehet.<span class=\"Apple-converted-space\">\u00a0<\/span><\/h3>\r\n<p>&nbsp;<\/p>\r\n<p>&nbsp;<\/p>\r\n<p><img class=\"aligncenter  wp-image-146\" src=\"https:\/\/exclusivegroup.cafeblog.hu\/files\/2019\/06\/see-1020175_960_720-600x600.jpg\" alt=\"\" width=\"330\" height=\"330\" \/><\/p>\r\n<p>&nbsp;<\/p>\r\n<p>A mai emberek legt\u00f6bbje m\u00e1r meg sem hall t\u00e9ged, elengedi a f\u00fcle mellett a rekl\u00e1mok t\u00f6bbs\u00e9g\u00e9t, ami a tudat alattij\u00e1ban egy v\u00e9dekez\u0151 mechanizmusk\u00e9nt j\u00f6tt l\u00e9tre. Mi is a rekl\u00e1m a v\u00e1llalatok r\u00e9sz\u00e9szr\u0151l? Kommunik\u00e1ci\u00f3, \u201cItt van a szuper v\u00e1llalatom, a szuper term\u00e9kem, k\u00e9rlek vedd meg \u00e9s csak \u00fagy hidd el nekem, hogy j\u00f3l j\u00e1rsz ezzel\u201d. Mi ezzel a baj? Hiszen a c\u00e9geknek musz\u00e1j valahogy tudatniuk a fogyaszt\u00f3ival, hogy l\u00e9teznek, valamilyen produktumot termelnek \u00e9s ezt megosztj\u00e1k a k\u00fclvil\u00e1ggal. Ott kezd\u0151dik a hiba, hogy a k\u00f6z\u00f6ns\u00e9ghez m\u00e1r m\u00e1shogy jut el. \u201cM\u00e1r megint betolakodtak a szf\u00e9r\u00e1mba, nem tudom megn\u00e9zni rendesen a filmemet, hiszen m\u00e1r megint rekl\u00e1mokat l\u00e1tok, \u00e9s folyton ideges\u00edt\u0151 pop-up-ok ugranak fel, ha \u00e9pp internetezek, sehol sincs nyugtom.\u201d<\/p>\r\n<p>&nbsp;<\/p>\r\n<p>Nap, mint nap rengeteg inger \u00e9ri a fogyaszt\u00f3kat, a munkahelyen, a metr\u00f3n, az utc\u00e1n, \u00e9s a fent le\u00edrtak alapj\u00e1n m\u00e9g az otthon\u00e1b\u00e1n is, \u00edgy alakult ki benn\u00fck a \u201cvidra effektus\u201d. <br \/>Amikor a vidra v\u00edzbe megy k\u00e9pes becsukni a f\u00fcl\u00e9t, hogy ne menjen bele v\u00edz. Ez t\u00f6rt\u00e9nik az emberekkel is, becsukj\u00e1k a receptoraikat, hogy ne jusson el hozz\u00e1juk a rekl\u00e1m. B\u00e1r \u0150k nem a f\u00fcl\u00fcket csukj\u00e1k be, hiszen hallj\u00e1k, avagy l\u00e1tj\u00e1k, hogy rekl\u00e1m megy, de nem \u00e9szlelik, hogy m\u00e9gis milyen rekl\u00e1m, \u00edgy nem jut el a befogad\u00e1sig.<span class=\"Apple-converted-space\">\u00a0<\/span><\/p>\r\n<p>&nbsp;<\/p>\r\n<p>V\u00e9delmi reflex m\u00e9g a \u201cszelekt\u00edv vaks\u00e1g\u201d \u00e9s a \u201cformai vaks\u00e1g\u201d is. Nagyon hasonl\u00edtanak egym\u00e1sra, igaz\u00e1b\u00f3l a l\u00e9nyeg\u00fck ugyan az, hogy az ember megtanulja, hogy bizonyos helyekr\u0151l sz\u00e1m\u00e1ra csak haszontalan inform\u00e1ci\u00f3k \u00e1radnak, \u00edgy ezeket a helyeket teljes m\u00e9rt\u00e9kben figyelmen k\u00edv\u00fcl hagyja. Az utols\u00f3 reflex pedig, amit ide soroln\u00e9k az az \u201c\u00e9rzelmi vaks\u00e1g\u201d. Nagyon hasonl\u00edt az el\u0151z\u0151 kett\u0151re, annyiban k\u00fcl\u00f6nb\u00f6zik, hogy valamilyen negat\u00edv \u00e9lm\u00e9nye f\u0171z\u00f6dik az adott m\u00e1rk\u00e1hoz, \u00edgy ha felismeri tudat alatt, m\u00e1r nem is foglalkozik vele.<span class=\"Apple-converted-space\">\u00a0<\/span><\/p>\r\n<p>&nbsp;<\/p>\r\n<p>Teh\u00e1t ezeknek tudat\u00e1ban jogos lehet a k\u00e9rd\u00e9s, hogy m\u00e9g is hogyan kellene megsz\u00f3l\u00edtani a k\u00f6z\u00f6ns\u00e9g\u00fcnket. Azt tudn\u00e1m aj\u00e1nlani, hogy ne mi besz\u00e9lj\u00fcnk hozz\u00e1juk, hanem vel\u00fck egy\u00fctt besz\u00e9lgess\u00fcnk. Nevettes\u00fck meg \u0151ket, adjunk nekik tan\u00e1csot, sz\u00e1mukra \u00e9rdekes inform\u00e1ci\u00f3val szolg\u00e1ljunk, k\u00e9rj\u00fck ki a v\u00e9lem\u00e9ny\u00fcket, bar\u00e1tkozzunk vel\u00fck.<\/p>\r\n<p>Ha tetszett a bejegyz\u00e9s, \u00e9s m\u00e9g t\u00f6bb tartalmat szeretn\u00e9l t\u0151l\u00fcnk akkor k\u00f6vess minket<br \/><a href=\"https:\/\/www.facebook.com\/pg\/exclusivegroup2009\/posts\/\">Facebookon<\/a><br \/><a href=\"https:\/\/www.instagram.com\/exclusive.group.2009\/?hl=hu\">Instagramon<\/a><br \/><a href=\"http:\/\/exclusivegroup.hu\/#\">Weboldalon<\/a><\/p>","type":"rich"}